{"id":6839,"date":"2020-04-06T14:15:27","date_gmt":"2020-04-06T12:15:27","guid":{"rendered":"https:\/\/www.ripess.eu\/?page_id=6839"},"modified":"2020-04-06T14:28:12","modified_gmt":"2020-04-06T12:28:12","slug":"pologne","status":"publish","type":"page","link":"https:\/\/ripess.eu\/fr\/pologne\/","title":{"rendered":"Pologne"},"content":{"rendered":"\n<h2 class=\"wp-block-heading\">Pologne<\/h2>\n\n\n\n<p style=\"background-color:#fff091\" class=\"has-background\">Nous rassemblons ici des\u00a0<strong>messages, articles, histoires et r\u00e9f\u00e9rences d\u2019initiatives d\u2019Economie Solidaire en r\u00e9ponse \u00e0 la crise pand\u00e9mique Covid19<\/strong>\u00a0et \u00e0 ses cons\u00e9quences dans toute l\u2019Europe,\u00a0<strong>afin de partager et d\u2019\u00e9changer les exp\u00e9riences et les efforts des r\u00e9seaux membres et d\u2019autres organisations<\/strong>. Si vous souhaitez contribuer,\u00a0<strong>veuillez \u00e9crire \u00e0 : info@ripess.eu<\/strong><br><\/p>\n\n\n\n<p class=\"has-background has-very-light-gray-background-color\"><strong>Message de <a href=\"https:\/\/www.fairtrade.org.pl\/\" target=\"_blank\" rel=\"noreferrer noopener\" aria-label=\"FairTrade Polska (s\u2019ouvre dans un nouvel onglet)\">FairTrade Polska<\/a>, membre polonais de Ripess Europe<\/strong><\/p>\n\n\n\n<div class=\"wp-block-image\"><figure class=\"aligncenter size-large\"><img loading=\"lazy\" decoding=\"async\" width=\"225\" height=\"225\" src=\"https:\/\/europe.ripess.rio20.net\/wp-content\/uploads\/sites\/4\/2020\/04\/fair-trade-poslka-logo.png\" alt=\"\" class=\"wp-image-6843\" srcset=\"https:\/\/ripess.eu\/wp-content\/uploads\/sites\/4\/2020\/04\/fair-trade-poslka-logo.png 225w, https:\/\/ripess.eu\/wp-content\/uploads\/sites\/4\/2020\/04\/fair-trade-poslka-logo-90x90.png 90w\" sizes=\"(max-width: 225px) 100vw, 225px\" \/><\/figure><\/div>\n\n\n\n<p><em>\u00ab\u00a0En raison de la pand\u00e9mie COVID-19, le bureau de Fairtrade Polska \u00e0 Cracovie est temporairement ferm\u00e9. Nous avons \u00e9galement d\u00fb revoir bon nombre de nos projets pour les mois \u00e0 venir. Nous travaillons maintenant \u00e0 partir de notre domicile, en continuant \u00e0 soutenir les agriculteurs et les travailleurs du commerce \u00e9quitable.<\/em><\/p>\n\n\n\n<p><em>Il ne fait aucun doute que la crise actuelle aura un impact n\u00e9gatif \u00e9norme sur l&rsquo;\u00e9conomie mondiale. Les agriculteurs et les travailleurs vuln\u00e9rables du Sud seront certainement parmi les plus touch\u00e9s par la r\u00e9cession qui s&rsquo;annonce. Nous sommes en contact avec les entreprises et leur offrons notre soutien pour une commercialisation responsable de leurs produits issus du commerce \u00e9quitable. Dans le m\u00eame temps, nous utilisons les r\u00e9seaux sociaux et d&rsquo;autres canaux de communication pour convaincre les consommateurs qu&rsquo;il est devenu encore plus important de prendre des d\u00e9cisions d&rsquo;achat responsables.<br> <strong><a href=\"https:\/\/www.fairtrade.net\/\" target=\"_blank\" rel=\"noreferrer noopener\" aria-label=\"Fairtrade International (s\u2019ouvre dans un nouvel onglet)\">Fairtrade International<\/a><\/strong>, en collaboration avec les organisations nationales du commerce \u00e9quitable, les organisations de commercialisation du commerce \u00e9quitable et les r\u00e9seaux de producteurs, surveille la situation et trouve tous les moyens possibles pour aider les producteurs et les entreprises du commerce \u00e9quitable \u00e0 traverser la crise. L&rsquo;une des mesures imm\u00e9diates appliqu\u00e9es est une nouvelle directive sur les standards du commerce \u00e9quitable. Comme l&rsquo;a annonc\u00e9 le Comit\u00e9 des normes, les organisations de producteurs et les plantations certifi\u00e9es Fairtrade ont gagn\u00e9 en flexibilit\u00e9 dans l&rsquo;utilisation de la prime Fairtrade. L&rsquo;argent peut d\u00e9sormais \u00eatre distribu\u00e9 en esp\u00e8ces aux agriculteurs et aux travailleurs, leur assurant ainsi un revenu suppl\u00e9mentaire en cette p\u00e9riode difficile. La prime du commerce \u00e9quitable peut \u00e9galement \u00eatre d\u00e9pens\u00e9e pour des mesures d&rsquo;hygi\u00e8ne et de protection, comme des gants jetables ou des masques.<\/em>\u00ab\u00a0<\/p>\n\n\n\n<p><\/p>\n","protected":false},"excerpt":{"rendered":"<p>Pologne Nous rassemblons ici des\u00a0messages, articles, histoires et r\u00e9f\u00e9rences d\u2019initiatives d\u2019Economie Solidaire en r\u00e9ponse \u00e0 la crise pand\u00e9mique Covid19\u00a0et \u00e0 ses cons\u00e9quences dans toute l\u2019Europe,\u00a0afin de partager et d\u2019\u00e9changer les [&hellip;]<\/p>\n","protected":false},"author":7618,"featured_media":0,"parent":0,"menu_order":0,"comment_status":"closed","ping_status":"closed","template":"","meta":{"_et_pb_use_builder":"","_et_pb_old_content":"","_et_gb_content_width":"","footnotes":""},"class_list":["post-6839","page","type-page","status-publish","hentry"],"_links":{"self":[{"href":"https:\/\/ripess.eu\/fr\/wp-json\/wp\/v2\/pages\/6839","targetHints":{"allow":["GET"]}}],"collection":[{"href":"https:\/\/ripess.eu\/fr\/wp-json\/wp\/v2\/pages"}],"about":[{"href":"https:\/\/ripess.eu\/fr\/wp-json\/wp\/v2\/types\/page"}],"author":[{"embeddable":true,"href":"https:\/\/ripess.eu\/fr\/wp-json\/wp\/v2\/users\/7618"}],"replies":[{"embeddable":true,"href":"https:\/\/ripess.eu\/fr\/wp-json\/wp\/v2\/comments?post=6839"}],"version-history":[{"count":0,"href":"https:\/\/ripess.eu\/fr\/wp-json\/wp\/v2\/pages\/6839\/revisions"}],"wp:attachment":[{"href":"https:\/\/ripess.eu\/fr\/wp-json\/wp\/v2\/media?parent=6839"}],"curies":[{"name":"wp","href":"https:\/\/api.w.org\/{rel}","templated":true}]}}