{"id":5280,"date":"2019-06-03T19:09:03","date_gmt":"2019-06-03T17:09:03","guid":{"rendered":"http:\/\/www.ripess.eu\/villes-et-ess-politiques-et-pratiques-pour-transformer-leconomie\/"},"modified":"2019-06-30T19:10:14","modified_gmt":"2019-06-30T17:10:14","slug":"villes-et-ess-politiques-et-pratiques-pour-transformer-leconomie","status":"publish","type":"page","link":"https:\/\/ripess.eu\/fr\/villes-et-ess-politiques-et-pratiques-pour-transformer-leconomie\/","title":{"rendered":"Villes et ESS : politiques et pratiques pour transformer l&rsquo;\u00e9conomie"},"content":{"rendered":"\n<h1 class=\"wp-block-heading\" style=\"text-align:center\">Villes et ESS : politiques et pratiques pour transformer l&rsquo;\u00e9conomie<\/h1>\n\n\n\n<h3 class=\"wp-block-heading\" style=\"text-align:center\">Conf\u00e9rence-Table ronde<\/h3>\n\n\n\n<h4 class=\"wp-block-heading\" style=\"text-align:center\"><strong>Lyon, H\u00f4tel de Ville, 15h00 &#8211; 18h00 4 juillet 2019<\/strong><\/h4>\n\n\n\n<p>Nos communaut\u00e9s de pratique et nos initiatives \u00e9conomiques de solidarit\u00e9 sociale se multiplient et se r\u00e9pandent dans toute l&rsquo;Europe, dans des contextes politiques et juridiques tr\u00e8s diff\u00e9rents. Les d\u00e9fis et les difficult\u00e9s auxquels nous sommes confront\u00e9s aujourd&rsquo;hui sont li\u00e9s \u00e0 des probl\u00e8mes mondiaux (tels que le changement climatique, les migrations forc\u00e9es et les crises financi\u00e8res), mais trouvent des solutions similaires dans de nombreux territoires, o\u00f9 la relocalisation de l&rsquo;\u00e9conomie et la co-construction de politiques publiques sont devenues plus que des pratiques exp\u00e9rimentales.<\/p>\n\n\n\n<p>Par ailleurs, les r\u00e9gions, les villes et les collectivit\u00e9s locales qui promeuvent l&rsquo;ESS et une transition juste commencent \u00e9galement \u00e0 se mettre en r\u00e9seau de plus en plus entre elles, avec de nouvelles initiatives qui \u00e9mergent chaque ann\u00e9e. La mise en r\u00e9seau des acteurs socio-\u00e9conomiques et des repr\u00e9sentants des institutions publiques permet d&rsquo;\u00e9changer des id\u00e9es et des propositions et de travailler ensemble.<\/p>\n\n\n\n<p>Nous aimerions d\u00e9velopper un d\u00e9bat concret et pratique sur la fa\u00e7on de s&rsquo;inspirer et d&rsquo;apprendre les uns des autres et de d\u00e9velopper des politiques municipales qui sont trans-locales et \u00a0\u00bb open source \u00ab\u00a0, qui transforment nos communaut\u00e9s permettant de changer les pratiques \u00e9conomiques dans de nombreux secteurs tels que l&rsquo;alimentation, l&rsquo;\u00e9nergie, le commerce, le transport, le logement, le tourisme, la sant\u00e9, les finances, etc<\/p>\n\n\n\n<p>Ce d\u00e9bat peut \u00e9galement \u00eatre une contribution au Forum social mondial des \u00e9conomies transformatrices et \u00e0 d&rsquo;autres forums et espaces o\u00f9 nous pouvons continuer \u00e0 encourager et \u00e0 faire progresser les changements n\u00e9cessaires que nous sommes tous engag\u00e9s \u00e0 promouvoir.<\/p>\n\n\n\n<p>La table ronde est organis\u00e9e par le RIPESS Europe et accueillie par la Ville de Lyon, qui pr\u00e9sentera le Label \u00ab\u00a0Lyon, Ville \u00e9quitable et durable\u00a0\u00bb juste apr\u00e8s.<\/p>\n\n\n\n<p><strong>1\u00e8re partie : Transformer les villes par les pratiques et les politiques publiques d&rsquo;ESS<\/strong><\/p>\n\n\n\n<ul class=\"wp-block-list\"><li><strong>Dounia Besson<\/strong>, RTES et adjointe au maire de la Ville de Lyon<\/li><li><strong>Jeanine Verna<\/strong>, Directrice du centre AROBASE<\/li><li><strong>Julie Maisonhaute,<\/strong> Fair Trade Towns \/ Commerce Equitable France<\/li><\/ul>\n\n\n\n<p>Anim\u00e9e par : <strong>Drazen Simlesa<\/strong>, Coordonnateur du RIPESS Europe<\/p>\n\n\n\n<p><strong>2\u00e8me partie : Villes en mutation, droit \u00e0 la ville et pacte de transition<\/strong><\/p>\n\n\n\n<ul class=\"wp-block-list\"><li><strong>Melissa Koutouzis,<\/strong> TNI (Trans National Institute) &#8211; Prix des villes transformatrices et Atlas des utopies<\/li><li> <strong>Genevi\u00e8ve Brichet<\/strong>, Mouvement Utopia et Collectif pour une transition citoyenne : Pacte pour la transition <\/li><\/ul>\n\n\n\n<p>Anim\u00e9e par : <strong>Josette Combes<\/strong>, MES France<\/p>\n\n\n\n<p><strong>Cl\u00f4ture : Convergences &#8211; une \u00e9conomie de lib\u00e9ration pour une humanit\u00e9 libre<\/strong><\/p>\n\n\n\n<ul class=\"wp-block-list\"><li><strong>Genevi\u00e8ve Ancel<\/strong>, coordonnatrice de Dialogues en Humanit\u00e9<\/li><li><strong>Iris Avinoa<\/strong>, pour le Forum social mondial des \u00e9conomies transformatrices<\/li><li><strong>Elisabeth Voss<\/strong>, Netz &#8211; la diversit\u00e9 des mouvements ESS en Allemagne<\/li><li><strong>Jean Rossiaud<\/strong>, APRES-Gen\u00e8ve, de l&rsquo;Inde \u00e0 Gen\u00e8ve, l&rsquo;initiative Jay Jagat en 2020<\/li><\/ul>\n\n\n\n<p>Anim\u00e9e par : <strong>Jason Nardi<\/strong>, coordonnateur Int. du RIPESS<\/p>\n","protected":false},"excerpt":{"rendered":"<p>Villes et ESS : politiques et pratiques pour transformer l&rsquo;\u00e9conomie Conf\u00e9rence-Table ronde Lyon, H\u00f4tel de Ville, 15h00 &#8211; 18h00 4 juillet 2019 Nos communaut\u00e9s de pratique et nos initiatives \u00e9conomiques [&hellip;]<\/p>\n","protected":false},"author":7596,"featured_media":5277,"parent":0,"menu_order":0,"comment_status":"closed","ping_status":"closed","template":"","meta":{"_et_pb_use_builder":"","_et_pb_old_content":"","_et_gb_content_width":"","footnotes":""},"class_list":["post-5280","page","type-page","status-publish","has-post-thumbnail","hentry"],"_links":{"self":[{"href":"https:\/\/ripess.eu\/fr\/wp-json\/wp\/v2\/pages\/5280","targetHints":{"allow":["GET"]}}],"collection":[{"href":"https:\/\/ripess.eu\/fr\/wp-json\/wp\/v2\/pages"}],"about":[{"href":"https:\/\/ripess.eu\/fr\/wp-json\/wp\/v2\/types\/page"}],"author":[{"embeddable":true,"href":"https:\/\/ripess.eu\/fr\/wp-json\/wp\/v2\/users\/7596"}],"replies":[{"embeddable":true,"href":"https:\/\/ripess.eu\/fr\/wp-json\/wp\/v2\/comments?post=5280"}],"version-history":[{"count":0,"href":"https:\/\/ripess.eu\/fr\/wp-json\/wp\/v2\/pages\/5280\/revisions"}],"wp:featuredmedia":[{"embeddable":true,"href":"https:\/\/ripess.eu\/fr\/wp-json\/wp\/v2\/media\/5277"}],"wp:attachment":[{"href":"https:\/\/ripess.eu\/fr\/wp-json\/wp\/v2\/media?parent=5280"}],"curies":[{"name":"wp","href":"https:\/\/api.w.org\/{rel}","templated":true}]}}