{"id":331845,"date":"2022-10-26T11:04:22","date_gmt":"2022-10-26T09:04:22","guid":{"rendered":"https:\/\/ripess.eu\/proyecto-devisus\/"},"modified":"2023-04-24T14:49:53","modified_gmt":"2023-04-24T12:49:53","slug":"proyecto-devisus","status":"publish","type":"page","link":"https:\/\/ripess.eu\/es\/proyecto-devisus\/","title":{"rendered":"PROYECTO DEVISUS"},"content":{"rendered":"<h3><span style=\"color: #ff9900\">Contexto y objetivos del proyecto<\/span><\/h3>\n<p><img loading=\"lazy\" decoding=\"async\" class=\"size-medium wp-image-331827 alignright\" src=\"https:\/\/ripess.eu\/wp-content\/uploads\/sites\/4\/2023\/04\/DEVISUS_logo-300x195.png\" alt=\"\" width=\"300\" height=\"195\" srcset=\"https:\/\/ripess.eu\/wp-content\/uploads\/sites\/4\/2023\/04\/DEVISUS_logo-300x195.png 300w, https:\/\/ripess.eu\/wp-content\/uploads\/sites\/4\/2023\/04\/DEVISUS_logo-1024x665.png 1024w, https:\/\/ripess.eu\/wp-content\/uploads\/sites\/4\/2023\/04\/DEVISUS_logo-768x499.png 768w, https:\/\/ripess.eu\/wp-content\/uploads\/sites\/4\/2023\/04\/DEVISUS_logo.png 1071w\" sizes=\"(max-width: 300px) 100vw, 300px\" \/>Desde hace muchos a\u00f1os, la cuesti\u00f3n de la evaluaci\u00f3n del <strong>impacto social\/utilidad<\/strong> ha sido una preocupaci\u00f3n importante en la econom\u00eda social y solidaria. Sin embargo, a pesar de la aparici\u00f3n de proyectos y experimentos sobre el tema, no existe una visi\u00f3n com\u00fan real a nivel europeo (m\u00e1s all\u00e1 de la visi\u00f3n m\u00e1s cl\u00e1sica y cuantificada de la evaluaci\u00f3n).<\/p>\n<p>&nbsp;<\/p>\n<p>&nbsp;<\/p>\n<p><strong><img loading=\"lazy\" decoding=\"async\" class=\" wp-image-32307 alignleft\" src=\"https:\/\/ripess.eu\/wp-content\/uploads\/sites\/4\/2022\/09\/DEVISUS2.jpg\" alt=\"\" width=\"414\" height=\"233\" \/><\/strong><\/p>\n<p><strong>Siete organizaciones, en su mayor\u00eda miembros de RIPESS Europa (red europea de econom\u00eda solidaria), quer\u00edan trabajar en la co-construcci\u00f3n de una visi\u00f3n compartida,<\/strong> poniendo en com\u00fan sus experiencias y lecciones aprendidas sobre el tema. As\u00ed naci\u00f3 el proyecto DEVISUS (Desarrollo de un ecosistema para valorar el impacto social y la utilidad social), financiado en el marco del programa ERASMUS + \u00abAsociaciones simplificadas de educaci\u00f3n de adultos\u00bb.<\/p>\n<p>&nbsp;<\/p>\n<p>A trav\u00e9s de una serie de tiempos de intercambio de pr\u00e1cticas, conocimientos, experiencias, habilidades y recursos, los recursos, el objetivo del proyecto es:<\/p>\n<ul>\n<li><strong>Construir una cultura compartida entre los socios<\/strong>, para luego desarrollar puntos de referencia y directrices que puedan difundirse en toda Europa.<\/li>\n<li><strong>Mejorar las habilidades de los formadores, profesores e instructores<\/strong> que intervienen en los campos de la ESS<\/li>\n<li><strong>Fortalecer las alianzas dentro de<\/strong> la ESS entre diferentes redes para promover la experiencia de las redes de la ESS en el tema del impacto social y la utilidad.<\/li>\n<\/ul>\n<p>La construcci\u00f3n de este corpus com\u00fan deber\u00eda permitir, al final del proyecto, <strong>prefigurar un segundo proyecto, sobre <\/strong><strong>el desarrollo y la difusi\u00f3n de la formaci\u00f3n en la evaluaci\u00f3n del impacto\/utilidad social del impacto social en toda Europa.<\/strong><\/p>\n<h3><span style=\"color: #ff9900\">La asociaci\u00f3n<\/span><\/h3>\n<p><strong><img loading=\"lazy\" decoding=\"async\" class=\"size-medium wp-image-331831 alignright\" src=\"https:\/\/ripess.eu\/wp-content\/uploads\/sites\/4\/2023\/04\/DEVISUS-PARTNERS-300x178.png\" alt=\"\" width=\"300\" height=\"178\" srcset=\"https:\/\/ripess.eu\/wp-content\/uploads\/sites\/4\/2023\/04\/DEVISUS-PARTNERS-300x178.png 300w, https:\/\/ripess.eu\/wp-content\/uploads\/sites\/4\/2023\/04\/DEVISUS-PARTNERS-1024x607.png 1024w, https:\/\/ripess.eu\/wp-content\/uploads\/sites\/4\/2023\/04\/DEVISUS-PARTNERS-768x455.png 768w, https:\/\/ripess.eu\/wp-content\/uploads\/sites\/4\/2023\/04\/DEVISUS-PARTNERS.png 1046w\" sizes=\"(max-width: 300px) 100vw, 300px\" \/>Este proyecto re\u00fane a 7 socios:<\/strong><\/p>\n<ul>\n<li><a href=\"https:\/\/www.le-mes.org\/\" target=\"_blank\" rel=\"noopener\"><span style=\"color: #0000ff\">MES FRANCE (administrador)<\/span><\/a><\/li>\n<li><a href=\"https:\/\/mes-occitanie.org\/\" target=\"_blank\" rel=\"noopener\"><span style=\"color: #0000ff\">MES OCCITANIE<\/span> <\/a>(FRANCIA)<\/li>\n<li><a href=\"https:\/\/rete-ries.it\/\" target=\"_blank\" rel=\"noopener\"><span style=\"color: #0000ff\">RIES<\/span> <\/a>(ITALIA)<\/li>\n<li><a href=\"http:\/\/apes-hdf.org\/page-0-0-0.html\" target=\"_blank\" rel=\"noopener\"><span style=\"color: #0000ff\">APES <\/span><\/a>(FRANCIA)<\/li>\n<li><a href=\"https:\/\/ripess.eu\/en\/\" target=\"_blank\" rel=\"noopener\"><span style=\"color: #0000ff\">RIPESS EUROPA<\/span><\/a><\/li>\n<li><a href=\"https:\/\/concertes.be\/\" target=\"_blank\" rel=\"noopener\"><span style=\"color: #0000ff\">CONCIERTOS <\/span><\/a>(B\u00c9LGICA)<\/li>\n<li><a href=\"https:\/\/www.unipso.be\/\" target=\"_blank\" rel=\"noopener\"><span style=\"color: #0000ff\">UNIPSO <\/span><\/a>(B\u00c9LGICA)<\/li>\n<\/ul>\n<p><strong><img loading=\"lazy\" decoding=\"async\" class=\"size-medium wp-image-331834 alignright\" src=\"https:\/\/ripess.eu\/wp-content\/uploads\/sites\/4\/2023\/04\/SUPPORTING_org_DEVISUS-300x103.png\" alt=\"\" width=\"300\" height=\"103\" srcset=\"https:\/\/ripess.eu\/wp-content\/uploads\/sites\/4\/2023\/04\/SUPPORTING_org_DEVISUS-300x103.png 300w, https:\/\/ripess.eu\/wp-content\/uploads\/sites\/4\/2023\/04\/SUPPORTING_org_DEVISUS.png 548w\" sizes=\"(max-width: 300px) 100vw, 300px\" \/>Y 2 organizaciones de apoyo:<\/strong><\/p>\n<ul>\n<li><a href=\"https:\/\/www.iec.marsnet.org\/\" target=\"_blank\" rel=\"noopener\"><span style=\"color: #0000ff\">IEC<\/span><\/a><\/li>\n<li><a href=\"https:\/\/lllplatform.eu\/\" target=\"_blank\" rel=\"noopener\"><span style=\"color: #0000ff\">PLATAFORMA DE APRENDIZAJE PERMANENTE<\/span><br \/>\n<\/a> (Sociedad civil europea para la educaci\u00f3n)<\/li>\n<\/ul>\n<h3><span style=\"color: #ff9900\">Curso del proyecto<\/span><\/h3>\n<p>El proyecto se extiende desde abril de 2022 hasta octubre de 2023, y se basa en 5 ejes, lo que lleva a 5 reuniones entre socios:<\/p>\n<ul>\n<li><span style=\"color: #ff9900\"><strong>Abril de 2022 en Par\u00eds &#8211;<\/strong><\/span>\u00a0organizaci\u00f3n global del consorcio y definici\u00f3n del calendario global, los entregables<\/li>\n<li><span style=\"color: #ff9900\"><strong>Septiembre 2022 en Lille &#8211; <\/strong><\/span>trabajar en una cultura com\u00fan, compartir experiencias de los diferentes socios, intervenciones de investigadores<\/li>\n<li><strong><span style=\"color: #ff9900\">Octubre de 2022 en Roma &#8211; <\/span><\/strong>trabajar en las habilidades y conocimientos necesarios para el acompa\u00f1amiento de la evaluaci\u00f3n del impacto social<\/li>\n<li><strong><span style=\"color: #ff9900\">Febrero de 2023 en Namur &#8211; <\/span><\/strong>elaboraci\u00f3n de un marco de formaci\u00f3n para el trabajo de gu\u00eda<\/li>\n<li><strong><span style=\"color: #ff9900\">Junio de 2023 en Bruselas &#8211; <\/span><\/strong>difusi\u00f3n de los resultados y cierre del proyecto<\/li>\n<\/ul>\n<p>&nbsp;<\/p>\n<p><em>Proyecto cofinanciado por la UE <img loading=\"lazy\" decoding=\"async\" class=\"size-full wp-image-2454 alignleft\" src=\"https:\/\/ripess.eu\/wp-content\/uploads\/sites\/4\/2016\/12\/EU.png\" alt=\"\" width=\"109\" height=\"71\" \/><\/em><\/p>\n<p><em>Acuerdo de subvenci\u00f3n n\u00b0 2021-2-FR01-KA210-ADU-000051132<\/em><\/p>\n<p>&nbsp;<\/p>\n","protected":false},"excerpt":{"rendered":"<p>Contexto y objetivos del proyecto Desde hace muchos a\u00f1os, la cuesti\u00f3n de la evaluaci\u00f3n del impacto social\/utilidad ha sido una preocupaci\u00f3n importante en la econom\u00eda social y solidaria. Sin embargo, [&hellip;]<\/p>\n","protected":false},"author":18,"featured_media":331829,"parent":0,"menu_order":0,"comment_status":"closed","ping_status":"closed","template":"","meta":{"_et_pb_use_builder":"","_et_pb_old_content":"","_et_gb_content_width":"","footnotes":""},"class_list":["post-331845","page","type-page","status-publish","has-post-thumbnail","hentry"],"_links":{"self":[{"href":"https:\/\/ripess.eu\/es\/wp-json\/wp\/v2\/pages\/331845","targetHints":{"allow":["GET"]}}],"collection":[{"href":"https:\/\/ripess.eu\/es\/wp-json\/wp\/v2\/pages"}],"about":[{"href":"https:\/\/ripess.eu\/es\/wp-json\/wp\/v2\/types\/page"}],"author":[{"embeddable":true,"href":"https:\/\/ripess.eu\/es\/wp-json\/wp\/v2\/users\/18"}],"replies":[{"embeddable":true,"href":"https:\/\/ripess.eu\/es\/wp-json\/wp\/v2\/comments?post=331845"}],"version-history":[{"count":0,"href":"https:\/\/ripess.eu\/es\/wp-json\/wp\/v2\/pages\/331845\/revisions"}],"wp:featuredmedia":[{"embeddable":true,"href":"https:\/\/ripess.eu\/es\/wp-json\/wp\/v2\/media\/331829"}],"wp:attachment":[{"href":"https:\/\/ripess.eu\/es\/wp-json\/wp\/v2\/media?parent=331845"}],"curies":[{"name":"wp","href":"https:\/\/api.w.org\/{rel}","templated":true}]}}